{"id":3017,"date":"2021-01-12T12:20:07","date_gmt":"2021-01-12T11:20:07","guid":{"rendered":"http:\/\/projeten.eu\/?page_id=3017"},"modified":"2023-01-06T14:14:32","modified_gmt":"2023-01-06T13:14:32","slug":"permaculture","status":"publish","type":"page","link":"https:\/\/projeten.eu\/?page_id=3017","title":{"rendered":"Permaculture des arts"},"content":{"rendered":"<div class=\"grid kcm\">\n<div class=\"grid__item one-whole portable--auto lap--auto palm--auto\">\n<div class=\"grid__item one-whole portable--auto lap--auto palm--auto top-no-padding bottom-no-padding \">\n<div class=\"grid kcm\">\n<p>Au sein de PROJETEN, nous consid\u00e9rons le terrain de la cr\u00e9ation comme un vaste jardin, un territoire fertile o\u00f9 le geste artistique se d\u00e9centre pour entrer dans un partage plus horizontal avec l\u2019autre. De l\u2019op\u00e9ra \u00e0 la performance, de l\u2019\u00e9crit \u00e0 l\u2019exposition, la pluridisciplinarit\u00e9 autant que l\u2019indisciplinarit\u00e9 sont au centre de notre d\u00e9marche. Les rapports sensibles aux \u00e9cosyst\u00e8mes et le soin \u00e9cologique sont primordiaux. Suivant autant que ce peut des principes de synergie, de r\u00e9silience et d\u2019harmonie, cette dynamique permaculturelle s\u2019applique au fond et \u00e0 la forme des projets, mais aussi aux modalit\u00e9s de travail. En effet, comment d\u00e9fendre une philosophie et un message sans l\u2019appliquer \u00e0 tous les param\u00e8tres du cheminement ? Les mots de\u00a0<em>respect<\/em>\u00a0et d\u2019<em>\u00e9<\/em><em>coute<\/em>\u00a0sont ici des cl\u00e9s. Toutes esp\u00e8ces confondues, de l\u2019individu animal ou v\u00e9g\u00e9tal au collectif, de l\u2019\u00eatre humain au groupe, cette implication r\u00e9sonnant avec la puissance des utopies agissantes, est au c\u0153ur de ce qui nous animent et que nous d\u00e9fendons.<\/p>\n<p>St\u00e9phane Ghislain Roussel<\/p>\n<\/div>\n<\/div>\n<\/div>\n<div class=\"grid__item one-whole portable--auto lap--auto palm--auto top-no-padding bottom-no-padding \">\n<div class=\"grid kcm\"><\/div>\n<\/div>\n<div class=\"grid__item six-twelfths portable--auto lap--auto palm--auto top-no-padding bottom-no-padding \">\n<p>&nbsp;<\/p>\n<\/div>\n<\/div>\n","protected":false},"excerpt":{"rendered":"<p>Au sein de PROJETEN, nous consid\u00e9rons le terrain de la cr\u00e9ation comme un vaste jardin, un territoire fertile o\u00f9 le geste artistique se d\u00e9centre pour entrer dans un partage plus horizontal avec l\u2019autre. De l\u2019op\u00e9ra \u00e0 la performance, de l\u2019\u00e9crit \u00e0 l\u2019exposition, la pluridisciplinarit\u00e9 autant que l\u2019indisciplinarit\u00e9 sont au centre de notre d\u00e9marche. Les rapports [&hellip;]<\/p>\n","protected":false},"author":1,"featured_media":0,"parent":0,"menu_order":0,"comment_status":"closed","ping_status":"closed","template":"template-portfolio.php","meta":[],"_links":{"self":[{"href":"https:\/\/projeten.eu\/index.php?rest_route=\/wp\/v2\/pages\/3017"}],"collection":[{"href":"https:\/\/projeten.eu\/index.php?rest_route=\/wp\/v2\/pages"}],"about":[{"href":"https:\/\/projeten.eu\/index.php?rest_route=\/wp\/v2\/types\/page"}],"author":[{"embeddable":true,"href":"https:\/\/projeten.eu\/index.php?rest_route=\/wp\/v2\/users\/1"}],"replies":[{"embeddable":true,"href":"https:\/\/projeten.eu\/index.php?rest_route=%2Fwp%2Fv2%2Fcomments&post=3017"}],"version-history":[{"count":15,"href":"https:\/\/projeten.eu\/index.php?rest_route=\/wp\/v2\/pages\/3017\/revisions"}],"predecessor-version":[{"id":3377,"href":"https:\/\/projeten.eu\/index.php?rest_route=\/wp\/v2\/pages\/3017\/revisions\/3377"}],"wp:attachment":[{"href":"https:\/\/projeten.eu\/index.php?rest_route=%2Fwp%2Fv2%2Fmedia&parent=3017"}],"curies":[{"name":"wp","href":"https:\/\/api.w.org\/{rel}","templated":true}]}}